{"id":3725,"date":"2025-10-22T13:36:38","date_gmt":"2025-10-22T11:36:38","guid":{"rendered":"https:\/\/vertour.hu\/?page_id=3725"},"modified":"2025-11-13T09:23:34","modified_gmt":"2025-11-13T07:23:34","slug":"adatvedelmi-tajekoztato","status":"publish","type":"page","link":"https:\/\/vertour.hu\/en\/adatvedelmi-tajekoztato\/","title":{"rendered":"Privacy policy"},"content":{"rendered":"\t\t<div data-elementor-type=\"wp-page\" data-elementor-id=\"3725\" class=\"elementor elementor-3725\" data-elementor-post-type=\"page\">\n\t\t\t\t<div class=\"elementor-element elementor-element-1f9e367 e-flex e-con-boxed e-con e-parent\" data-id=\"1f9e367\" data-element_type=\"container\" data-e-type=\"container\">\n\t\t\t\t\t<div class=\"e-con-inner\">\n\t\t\t\t<div class=\"elementor-element elementor-element-4a497de elementor-widget elementor-widget-heading\" data-id=\"4a497de\" data-element_type=\"widget\" data-e-type=\"widget\" data-widget_type=\"heading.default\">\n\t\t\t\t\t<h1 class=\"elementor-heading-title elementor-size-default\">Adatv\u00e9delmi t\u00e1j\u00e9koztat\u00f3<\/h1>\t\t\t\t<\/div>\n\t\t<div class=\"elementor-element elementor-element-1643f03 e-flex e-con-boxed e-con e-child\" data-id=\"1643f03\" data-element_type=\"container\" data-e-type=\"container\" data-settings=\"{&quot;background_background&quot;:&quot;classic&quot;}\">\n\t\t\t\t\t<div class=\"e-con-inner\">\n\t\t\t\t<div class=\"elementor-element elementor-element-fbfcf32 elementor-widget elementor-widget-heading\" data-id=\"fbfcf32\" data-element_type=\"widget\" data-e-type=\"widget\" data-widget_type=\"heading.default\">\n\t\t\t\t\t<h2 class=\"elementor-heading-title elementor-size-default\">\u00dcdv\u00f6z\u00f6lj\u00fck honlapunkon!<\/h2>\t\t\t\t<\/div>\n\t\t\t\t<div class=\"elementor-element elementor-element-12d0ca2 elementor-widget elementor-widget-heading\" data-id=\"12d0ca2\" data-element_type=\"widget\" data-e-type=\"widget\" data-widget_type=\"heading.default\">\n\t\t\t\t\t<p class=\"elementor-heading-title elementor-size-default\">K\u00f6sz\u00f6nj\u00fck, hogy \u00e9rdekl\u0151dik a Vertour Kft. \u00e9s szolg\u00e1ltat\u00e1sai ir\u00e1nt!<\/p>\t\t\t\t<\/div>\n\t\t\t\t<div class=\"elementor-element elementor-element-5c3c374 elementor-widget elementor-widget-text-editor\" data-id=\"5c3c374\" data-element_type=\"widget\" data-e-type=\"widget\" data-widget_type=\"text-editor.default\">\n\t\t\t\t\t\t\t\t\t<p style=\"text-align: center;\">L\u00e1togat\u00f3ink bizalma kiemelt fontoss\u00e1g\u00fa a sz\u00e1munkra, ez\u00e9rt L\u00e1togat\u00f3ink szem\u00e9lyes adatainak v\u00e9delm\u00e9re k\u00fcl\u00f6n\u00f6s figyelmet ford\u00edtunk. Ennek megfelel\u0151en L\u00e1togat\u00f3inkat az al\u00e1bbi adatv\u00e9delmi t\u00e1j\u00e9koztat\u00f3ban inform\u00e1ljuk a honlapunk haszn\u00e1lat\u00e1val kapcsolatos adatkezel\u00e9si gyakorlatunkr\u00f3l.<\/p><p style=\"text-align: center;\">Az adatv\u00e9delmi t\u00e1j\u00e9koztat\u00f3 elk\u00e9sz\u00edt\u00e9sekor k\u00fcl\u00f6n\u00f6s figyelemmel voltunk az Eur\u00f3pai Parlament \u00e9s a Tan\u00e1cs (EU) 2016\/679 rendelete a term\u00e9szetes szem\u00e9lyeknek a szem\u00e9lyes adatok kezel\u00e9se tekintet\u00e9ben t\u00f6rt\u00e9n\u0151 v\u00e9delm\u00e9r\u0151l \u00e9s az ilyen adatok szabad \u00e1raml\u00e1s\u00e1r\u00f3l, valamint a 95\/46\/EK rendelet hat\u00e1lyon k\u00edv\u00fcl helyez\u00e9s\u00e9r\u0151l (\u00e1ltal\u00e1nos adatv\u00e9delmi rendelet), az inform\u00e1ci\u00f3s \u00f6nrendelkez\u00e9si jogr\u00f3l \u00e9s az inform\u00e1ci\u00f3szabads\u00e1gr\u00f3l sz\u00f3l\u00f3 2011. \u00e9vi CXII. t\u00f6rv\u00e9ny, valamint a Polg\u00e1ri T\u00f6rv\u00e9nyk\u00f6nyvr\u0151l sz\u00f3l\u00f3 2013. \u00e9vi V. t\u00f6rv\u00e9ny rendelkez\u00e9seire. A VERTOUR Turisztikai-, Vend\u00e9gl\u00e1t\u00f3-, Kereskedelmi \u00e9s Szolg\u00e1ltat\u00f3 Korl\u00e1tolt Felel\u0151ss\u00e9g\u0171 T\u00e1rsas\u00e1g GDPR el\u0151\u00edr\u00e1sait teh\u00e1t minden adatkezel\u00e9s vonatkoz\u00e1s\u00e1ban k\u00fcl\u00f6n\u00f6sk\u00e9ppen szem el\u0151tt tartja.<\/p><p style=\"text-align: center;\"><strong>Adatkezel\u0151 \u00e9s el\u00e9rhet\u0151s\u00e9ge:<br \/><\/strong>VERTOUR Turisztikai-, Vend\u00e9gl\u00e1t\u00f3-, Kereskedelmi \u00e9s Szolg\u00e1ltat\u00f3 Korl\u00e1tolt Felel\u0151ss\u00e9g\u0171 T\u00e1rsas\u00e1g<strong><br \/><\/strong>Tel.: <a href=\"tel:+36 34 316 733\">+36 34 316 733<\/a><br \/>Email: <a href=\"mailto:info@vertour.hu\">info@vertour.hu<\/a><\/p>\t\t\t\t\t\t\t\t<\/div>\n\t\t\t\t<div class=\"elementor-element elementor-element-1588538 elementor-widget elementor-widget-heading\" data-id=\"1588538\" data-element_type=\"widget\" data-e-type=\"widget\" data-widget_type=\"heading.default\">\n\t\t\t\t\t<p class=\"elementor-heading-title elementor-size-default\">Fogalmak<\/p>\t\t\t\t<\/div>\n\t\t\t\t<div class=\"elementor-element elementor-element-68f92b7 elementor-widget elementor-widget-text-editor\" data-id=\"68f92b7\" data-element_type=\"widget\" data-e-type=\"widget\" data-widget_type=\"text-editor.default\">\n\t\t\t\t\t\t\t\t\t<p style=\"text-align: center;\">1.<br \/>\u201eszem\u00e9lyes adat\u201d: azonos\u00edtott vagy azonos\u00edthat\u00f3 term\u00e9szetes szem\u00e9lyre (\u201e\u00e9rintett\u201d) vonatkoz\u00f3 b\u00e1rmely inform\u00e1ci\u00f3; azonos\u00edthat\u00f3 az a term\u00e9szetes szem\u00e9ly, aki k\u00f6zvetlen vagy k\u00f6zvetett m\u00f3don, k\u00fcl\u00f6n\u00f6sen valamely azonos\u00edt\u00f3, p\u00e9ld\u00e1ul n\u00e9v, sz\u00e1m, helymeghat\u00e1roz\u00f3 adat, online azonos\u00edt\u00f3 vagy a term\u00e9szetes szem\u00e9ly testi, fiziol\u00f3giai, genetikai, szellemi, gazdas\u00e1gi, kultur\u00e1lis vagy szoci\u00e1lis azonoss\u00e1g\u00e1ra vonatkoz\u00f3 egy vagy t\u00f6bb t\u00e9nyez\u0151 alapj\u00e1n azonos\u00edthat\u00f3;<\/p><p style=\"text-align: center;\">2.<br \/>\u201eadatkezel\u00e9s\u201d: a szem\u00e9lyes adatokon vagy adat\u00e1llom\u00e1nyokon automatiz\u00e1lt vagy nem automatiz\u00e1lt m\u00f3don v\u00e9gzett b\u00e1rmely m\u0171velet vagy m\u0171veletek \u00f6sszess\u00e9ge, \u00edgy a gy\u0171jt\u00e9s, r\u00f6gz\u00edt\u00e9s, rendszerez\u00e9s, tagol\u00e1s, t\u00e1rol\u00e1s, \u00e1talak\u00edt\u00e1s vagy megv\u00e1ltoztat\u00e1s, lek\u00e9rdez\u00e9s, betekint\u00e9s, felhaszn\u00e1l\u00e1s, k\u00f6zl\u00e9s, tov\u00e1bb\u00edt\u00e1s, terjeszt\u00e9s vagy egy\u00e9b m\u00f3don t\u00f6rt\u00e9n\u0151 hozz\u00e1f\u00e9rhet\u0151v\u00e9 t\u00e9tel \u00fatj\u00e1n, \u00f6sszehangol\u00e1s vagy \u00f6sszekapcsol\u00e1s, korl\u00e1toz\u00e1s, t\u00f6rl\u00e9s, illetve megsemmis\u00edt\u00e9s;<\/p><p style=\"text-align: center;\">3.<br \/>\u201eaz adatkezel\u00e9s korl\u00e1toz\u00e1sa\u201d: a t\u00e1rolt szem\u00e9lyes adatok megjel\u00f6l\u00e9se j\u00f6v\u0151beli kezel\u00e9s\u00fck korl\u00e1toz\u00e1sa c\u00e9lj\u00e1b\u00f3l;<\/p><p style=\"text-align: center;\">4.<br \/>\u201eadatkezel\u0151\u201d: az a term\u00e9szetes vagy jogi szem\u00e9ly, k\u00f6zhatalmi szerv, \u00fcgyn\u00f6ks\u00e9g vagy b\u00e1rmely egy\u00e9b szerv, amely a szem\u00e9lyes adatok kezel\u00e9s\u00e9nek c\u00e9ljait \u00e9s eszk\u00f6zeit \u00f6n\u00e1ll\u00f3an vagy m\u00e1sokkal egy\u00fctt meghat\u00e1rozza; ha az adatkezel\u00e9s c\u00e9ljait \u00e9s eszk\u00f6zeit az uni\u00f3s vagy a tag\u00e1llami jog hat\u00e1rozza meg, az adatkezel\u0151t vagy az adatkezel\u0151 kijel\u00f6l\u00e9s\u00e9re vonatkoz\u00f3 k\u00fcl\u00f6n\u00f6s szempontokat az uni\u00f3s vagy a tag\u00e1llami jog is meghat\u00e1rozhatja;<\/p><p style=\"text-align: center;\">5.<br \/>\u201eadatfeldolgoz\u00f3\u201d: az a term\u00e9szetes vagy jogi szem\u00e9ly, k\u00f6zhatalmi szerv, \u00fcgyn\u00f6ks\u00e9g vagy b\u00e1rmely egy\u00e9b szerv, amely az adatkezel\u0151 nev\u00e9ben szem\u00e9lyes adatokat kezel;<\/p><p style=\"text-align: center;\">6.<br \/>\u201ec\u00edmzett\u201d: az a term\u00e9szetes vagy jogi szem\u00e9ly, k\u00f6zhatalmi szerv, \u00fcgyn\u00f6ks\u00e9g vagy b\u00e1rmely egy\u00e9b szerv, akivel vagy amellyel a szem\u00e9lyes adatot k\u00f6zlik, f\u00fcggetlen\u00fcl att\u00f3l, hogy harmadik f\u00e9l-e. Azon k\u00f6zhatalmi szervek, amelyek egy egyedi vizsg\u00e1lat keret\u00e9ben az uni\u00f3s vagy a tag\u00e1llami joggal \u00f6sszhangban f\u00e9rhetnek hozz\u00e1 szem\u00e9lyes adatokhoz, nem min\u0151s\u00fclnek c\u00edmzettnek; az eml\u00edtett adatok e k\u00f6zhatalmi szervek \u00e1ltali kezel\u00e9se meg kell, hogy feleljen az adatkezel\u00e9s c\u00e9ljainak megfelel\u0151en az alkalmazand\u00f3 adatv\u00e9delmi szab\u00e1lyoknak;<\/p><p style=\"text-align: center;\">7.<br \/>\u201eharmadik f\u00e9l\u201d: az a term\u00e9szetes vagy jogi szem\u00e9ly, k\u00f6zhatalmi szerv, \u00fcgyn\u00f6ks\u00e9g vagy b\u00e1rmely egy\u00e9b szerv, amely nem azonos az \u00e9rintettel, az adatkezel\u0151vel, az adatfeldolgoz\u00f3val vagy azokkal a szem\u00e9lyekkel, akik az adatkezel\u0151 vagy adatfeldolgoz\u00f3 k\u00f6zvetlen ir\u00e1ny\u00edt\u00e1sa alatt a szem\u00e9lyes adatok kezel\u00e9s\u00e9re felhatalmaz\u00e1st kaptak;<\/p><p style=\"text-align: center;\">8.<br \/>\u201eaz \u00e9rintett hozz\u00e1j\u00e1rul\u00e1sa\u201d: az \u00e9rintett akarat\u00e1nak \u00f6nk\u00e9ntes, konkr\u00e9t \u00e9s megfelel\u0151 t\u00e1j\u00e9koztat\u00e1son alapul\u00f3 \u00e9s egy\u00e9rtelm\u0171 kinyilv\u00e1n\u00edt\u00e1sa, amellyel az \u00e9rintett nyilatkozat vagy a meger\u0151s\u00edt\u00e9st f\u00e9lre\u00e9rthetetlen\u00fcl kifejez\u0151 cselekedet \u00fatj\u00e1n jelzi, hogy beleegyez\u00e9s\u00e9t adja az \u0151t \u00e9rint\u0151 szem\u00e9lyes adatok kezel\u00e9s\u00e9hez;<\/p><p style=\"text-align: center;\">9.<br \/>\u201eadatv\u00e9delmi incidens\u201d: a biztons\u00e1g olyan s\u00e9r\u00fcl\u00e9se, amely a tov\u00e1bb\u00edtott, t\u00e1rolt vagy m\u00e1s m\u00f3don kezelt szem\u00e9lyes adatok v\u00e9letlen vagy jogellenes megsemmis\u00edt\u00e9s\u00e9t, elveszt\u00e9s\u00e9t, megv\u00e1ltoztat\u00e1s\u00e1t, jogosulatlan k\u00f6zl\u00e9s\u00e9t vagy az azokhoz val\u00f3 jogosulatlan hozz\u00e1f\u00e9r\u00e9st eredm\u00e9nyezi;<\/p><p style=\"text-align: center;\">10.<br \/>\u201etermin\u00e1leszk\u00f6z\u201d: az a sz\u00e1m\u00edt\u00e1stechnikai vagy telekommunik\u00e1ci\u00f3s eszk\u00f6z (\u00edgy p\u00e9ld\u00e1ul k\u00fcl\u00f6n\u00f6sen, de nem kiz\u00e1r\u00f3lagosan laptop, asztali sz\u00e1m\u00edt\u00f3g\u00e9p, t\u00e1blag\u00e9p, okostelefon), amelyr\u0151l a honlapot felkeresik \u00e9s\/vagy el\u00e9rik.<\/p>\t\t\t\t\t\t\t\t<\/div>\n\t\t\t\t<div class=\"elementor-element elementor-element-26a4bb5 elementor-widget elementor-widget-heading\" data-id=\"26a4bb5\" data-element_type=\"widget\" data-e-type=\"widget\" data-widget_type=\"heading.default\">\n\t\t\t\t\t<p class=\"elementor-heading-title elementor-size-default\">\u00c1ltal\u00e1nos t\u00e1j\u00e9koztat\u00f3<\/p>\t\t\t\t<\/div>\n\t\t\t\t<div class=\"elementor-element elementor-element-af800b9 elementor-widget elementor-widget-text-editor\" data-id=\"af800b9\" data-element_type=\"widget\" data-e-type=\"widget\" data-widget_type=\"text-editor.default\">\n\t\t\t\t\t\t\t\t\t<p style=\"text-align: center;\">T\u00e1j\u00e9koztatjuk L\u00e1togat\u00f3inkat, hogy a <a href=\"https:\/\/vertour.hu\/\">https:\/\/vertour.hu\/ <\/a>[https:\/\/vertour.hu\/] oldalon (a tov\u00e1bbiakban \u00fagyis, mint: Honlap) v\u00e9gzett tev\u00e9kenys\u00e9g\u00fck sor\u00e1n \u2013 \u00edgy k\u00fcl\u00f6n\u00f6sen, de nem kiz\u00e1r\u00f3lagosan a Honlap megl\u00e1togat\u00e1sakor \u00e9s sor\u00e1n, a Honlapon val\u00f3 kapcsolatfelv\u00e9telkor, panaszok kezel\u00e9sekor \u2013 szem\u00e9lyes adatok kezel\u00e9s\u00e9re, feldolgoz\u00e1s\u00e1ra \u00e9s felhaszn\u00e1l\u00e1s\u00e1ra ker\u00fcl sor.<\/p><p style=\"text-align: center;\">T\u00e1rsas\u00e1gunk alapvet\u0151 elve, hogy a szem\u00e9lyes adatokat kiz\u00e1r\u00f3lag jogszer\u0171en, megfelel\u0151 jogalappal, az adatv\u00e9delmi alapelvek betart\u00e1s\u00e1val, az \u00e9rintetti jogok mindenkori \u00e9rv\u00e9nyre juttat\u00e1s\u00e1val, valamint az \u00e9rintettek sz\u00e1m\u00e1ra \u00e1tl\u00e1that\u00f3 m\u00f3don, kiz\u00e1r\u00f3lag a meghat\u00e1rozott adatkezel\u00e9si c\u00e9lb\u00f3l, az adatbiztons\u00e1g \u00e9s adattakar\u00e9koss\u00e1g elv\u00e9nek megfelel\u0151en kezelj\u00fck. T\u00e1rsas\u00e1gunk adatkezel\u00e9si gyakorlata sor\u00e1n kiz\u00e1r\u00f3lag olyan szem\u00e9lyes adatot kezel\u00fcnk, amely az adatkezel\u00e9s c\u00e9lj\u00e1nak megval\u00f3sul\u00e1s\u00e1hoz elengedhetetlen, az adatkezel\u00e9s c\u00e9lj\u00e1val \u00f6sszeegyeztethet\u0151, \u00e9s az adatkezel\u00e9si c\u00e9l el\u00e9r\u00e9s\u00e9re alkalmas. Ennek megfelel\u0151en T\u00e1rsas\u00e1gunk adatkezel\u00e9si gyakorlata sor\u00e1n a szem\u00e9lyes adatok kezel\u00e9s\u00e9t csak a c\u00e9l megval\u00f3sul\u00e1s\u00e1hoz sz\u00fcks\u00e9ges m\u00e9rt\u00e9kben \u00e9s a sz\u00fcks\u00e9ges tartamig v\u00e9gezz\u00fck.<\/p><p style=\"text-align: center;\">T\u00e1j\u00e9koztatjuk L\u00e1togat\u00f3inkat, hogy adatkezel\u00e9si gyakorlatunk sor\u00e1n minden esetben a hat\u00e1lyos jogszab\u00e1lyoknak megfelel\u0151en j\u00e1runk el. Ennek megfelel\u0151en T\u00e1rsas\u00e1gunk adatkezel\u00e9si gyakorlata sor\u00e1n els\u0151sorban \u00e9s els\u0151dlegesen az al\u00e1bbi jogszab\u00e1lyok rendelkez\u00e9seire ford\u00edtunk kiemelt figyelmet:<\/p><p style=\"text-align: center;\">1.<br \/>AZ EUR\u00d3PAI PARLAMENT \u00c9S A TAN\u00c1CS (EU) 2016\/679 RENDELETE (2016. \u00e1prilis 27.) a term\u00e9szetes szem\u00e9lyeknek a szem\u00e9lyes adatok kezel\u00e9se tekintet\u00e9ben t\u00f6rt\u00e9n\u0151 v\u00e9delm\u00e9r\u0151l \u00e9s az ilyen adatok szabad \u00e1raml\u00e1s\u00e1r\u00f3l, valamint a 95\/46\/EK rendelet hat\u00e1lyon k\u00edv\u00fcl helyez\u00e9s\u00e9r\u0151l (\u00e1ltal\u00e1nos adatv\u00e9delmi rendelet) (a tov\u00e1bbiakban \u00fagyis mint: GDPR),<\/p><p style=\"text-align: center;\">2.<br \/>az inform\u00e1ci\u00f3s \u00f6nrendelkez\u00e9si jogr\u00f3l \u00e9s az inform\u00e1ci\u00f3szabads\u00e1gr\u00f3l sz\u00f3l\u00f3 2011. \u00e9vi CXII. t\u00f6rv\u00e9ny (a tov\u00e1bbiakban: Infotv.),<\/p><p style=\"text-align: center;\">3.<br \/>a sz\u00e1mvitelr\u0151l sz\u00f3l\u00f3 2000. \u00e9vi C. t\u00f6rv\u00e9ny (a tov\u00e1bbiakban: Sz\u00e1mviteli tv.),<\/p><p style=\"text-align: center;\">4.<br \/>az ad\u00f3z\u00e1s rendj\u00e9r\u0151l sz\u00f3l\u00f3 2017. \u00e9vi CL. t\u00f6rv\u00e9ny<\/p><p style=\"text-align: center;\">5.<br \/>az elektronikus kereskedelmi szolg\u00e1ltat\u00e1sok, valamint az inform\u00e1ci\u00f3s t\u00e1rsadalommal \u00f6sszef\u00fcgg\u0151 szolg\u00e1ltat\u00e1sok egyes k\u00e9rd\u00e9seir\u0151l sz\u00f3l\u00f3 2001. \u00e9vi CVIII. t\u00f6rv\u00e9ny (a tov\u00e1bbiakban: E-ker tv.)<\/p>\t\t\t\t\t\t\t\t<\/div>\n\t\t\t\t<div class=\"elementor-element elementor-element-f023fa8 elementor-widget elementor-widget-heading\" data-id=\"f023fa8\" data-element_type=\"widget\" data-e-type=\"widget\" data-widget_type=\"heading.default\">\n\t\t\t\t\t<p class=\"elementor-heading-title elementor-size-default\">Honlap felkeres\u00e9se<\/p>\t\t\t\t<\/div>\n\t\t\t\t<div class=\"elementor-element elementor-element-4727d65 elementor-widget elementor-widget-text-editor\" data-id=\"4727d65\" data-element_type=\"widget\" data-e-type=\"widget\" data-widget_type=\"text-editor.default\">\n\t\t\t\t\t\t\t\t\t<p style=\"text-align: center;\">Honlapunk felkeres\u00e9se sor\u00e1n biztons\u00e1gi okokb\u00f3l r\u00f6gz\u00edtj\u00fck a L\u00e1togat\u00f3 termin\u00e1leszk\u00f6z\u00e9nek IP-c\u00edm\u00e9t, oper\u00e1ci\u00f3s rendszer\u00e9t \u00e9s szoftverk\u00f6rnyezet\u00e9t, b\u00f6ng\u00e9sz\u0151j\u00e9t, a l\u00e1togat\u00e1s idej\u00e9t, valamint a felkeresett oldalakat. A h\u00e1l\u00f3zati-, szerver-, \u00e9s adatbiztons\u00e1g mellett az online szolg\u00e1ltat\u00e1sok optimaliz\u00e1l\u00e1sa \u00e9s fejleszt\u00e9se \u00e9rdek\u00e9ben ker\u00fcl sor ezen adatok r\u00f6gz\u00edt\u00e9s\u00e9re. Ennek megfelel\u0151en az adatkezel\u00e9s jogalapj\u00e1t a GDPR 6. cikk (1) bekezd\u00e9se f) pontj\u00e1ra, valamint az Info tv. 6. \u00a7 (1) bekezd\u00e9se b) pontj\u00e1ra alapozzuk.<\/p><p style=\"text-align: center;\">Adatkezel\u00e9s c\u00e9lja:<br \/>adatbiztons\u00e1g \u00e9s szolg\u00e1ltat\u00e1sok optimaliz\u00e1l\u00e1sa<\/p><p style=\"text-align: center;\">Adatkezel\u00e9s jogalapja:<br \/>GDPR 6. cikk (1) bek. f); Info tv. 5. \u00a7 (1) bek. b)<\/p><p style=\"text-align: center;\">Kezelt adatok:<br \/>IP-c\u00edm, oper\u00e1ci\u00f3s rendszer \u00e9s szoftverk\u00f6rnyezet, b\u00f6ng\u00e9sz\u0151, l\u00e1togat\u00e1s ideje, l\u00e1togatott oldalak<\/p>\t\t\t\t\t\t\t\t<\/div>\n\t\t\t\t<div class=\"elementor-element elementor-element-81252de elementor-widget elementor-widget-heading\" data-id=\"81252de\" data-element_type=\"widget\" data-e-type=\"widget\" data-widget_type=\"heading.default\">\n\t\t\t\t\t<p class=\"elementor-heading-title elementor-size-default\">Kapcsolatfelv\u00e9tel<\/p>\t\t\t\t<\/div>\n\t\t\t\t<div class=\"elementor-element elementor-element-53ddfe7 elementor-widget elementor-widget-text-editor\" data-id=\"53ddfe7\" data-element_type=\"widget\" data-e-type=\"widget\" data-widget_type=\"text-editor.default\">\n\t\t\t\t\t\t\t\t\t<p style=\"text-align: center;\">L\u00e1togat\u00f3ink kapcsolatba l\u00e9phetnek vel\u00fcnk az al\u00e1bbi email c\u00edmen: <a href=\"mailto:info@vertour.hu\">info@vertour.hu.<\/a> A kapcsolatfelv\u00e9tel sor\u00e1n megadott szem\u00e9lyes adatokat kiz\u00e1r\u00f3lag a kapcsolatfelv\u00e9tel c\u00e9lj\u00e1b\u00f3l \u00e9s azzal \u00f6sszef\u00fcgg\u00e9sben, illetve a kapcsolatfelv\u00e9tel megv\u00e1laszol\u00e1sa c\u00e9lj\u00e1b\u00f3l \u00e9s azzal \u00f6sszef\u00fcgg\u00e9sben kezelj\u00fck. A kapcsolatfelv\u00e9tellel \u00d6n a szem\u00e9lyes adatainak vonatkoz\u00e1s\u00e1ban v\u00e9gzett adatkezel\u00e9shez a kifejezett hozz\u00e1j\u00e1rul\u00e1s\u00e1t adja. Ennek megfelel\u0151en az adatkezel\u00e9s jogalapj\u00e1t a GDPR 6. cikk (1) bekezd\u00e9se a) pontj\u00e1ra, valamint az Info tv. 5. \u00a7 (1) bekezd\u00e9se b) pontj\u00e1ra alapozzuk.<\/p><p style=\"text-align: center;\">Adatkezel\u00e9s c\u00e9lja:<br \/>kapcsolatfelv\u00e9tel megv\u00e1laszol\u00e1sa<\/p><p style=\"text-align: center;\">Adatkezel\u00e9s jogalapja:<br \/>GDPR 6. cikk (1) bek. a); Info tv. 5. \u00a7 (1) bek. b) (\u00e9rintetti hozz\u00e1j\u00e1rul\u00e1s)<\/p><p style=\"text-align: center;\">Kezelt adatok:<br \/>felhaszn\u00e1l\u00f3 neve, felhaszn\u00e1l\u00f3 email c\u00edme, megkeres\u00e9s kelte, \u00e9rintett \u00e1ltal megadott egy\u00e9b szem\u00e9lyes adatok<\/p><p style=\"text-align: center;\">Adatkezel\u00e9s tartama:<br \/>\u00e9rintetti t\u00f6rl\u00e9si k\u00e9relemig, de legfeljebb 5 (\u00f6t) \u00e9vig<\/p>\t\t\t\t\t\t\t\t<\/div>\n\t\t\t\t<div class=\"elementor-element elementor-element-6fb2a4c elementor-widget elementor-widget-heading\" data-id=\"6fb2a4c\" data-element_type=\"widget\" data-e-type=\"widget\" data-widget_type=\"heading.default\">\n\t\t\t\t\t<p class=\"elementor-heading-title elementor-size-default\">Panaszkezel\u00e9s<\/p>\t\t\t\t<\/div>\n\t\t\t\t<div class=\"elementor-element elementor-element-7cf6f34 elementor-widget elementor-widget-text-editor\" data-id=\"7cf6f34\" data-element_type=\"widget\" data-e-type=\"widget\" data-widget_type=\"text-editor.default\">\n\t\t\t\t\t\t\t\t\t<p style=\"text-align: center;\">L\u00e1togat\u00f3inknak a szolg\u00e1ltat\u00e1sokkal szemben panaszt\u00e9teli joguk van. T\u00e1j\u00e9koztatjuk L\u00e1togat\u00f3inkat, hogy a v\u00e1s\u00e1rl\u00f3i panaszkezel\u00e9ssel \u00f6sszef\u00fcgg\u00e9sben megadott szem\u00e9lyes adatokat kiz\u00e1r\u00f3lag a panaszkezel\u00e9s c\u00e9lj\u00e1b\u00f3l \u00e9s azzal \u00f6sszef\u00fcgg\u00e9sben, \u00edgy k\u00fcl\u00f6n\u00f6sen, de nem kiz\u00e1r\u00f3lagosan a panaszok megv\u00e1laszol\u00e1sa, kezel\u00e9se \u00e9s a panaszkezel\u00e9s ut\u00f3k\u00f6vet\u00e9se c\u00e9lj\u00e1b\u00f3l \u00e9s azzal \u00f6sszef\u00fcgg\u00e9sben kezelj\u00fck. A panasz megt\u00e9tel\u00e9vel \u00d6n a szem\u00e9lyes adatainak vonatkoz\u00e1s\u00e1ban v\u00e9gzett adatkezel\u00e9shez a kifejezett hozz\u00e1j\u00e1rul\u00e1s\u00e1t adja. Ennek megfelel\u0151en az adatkezel\u00e9s jogalapj\u00e1t a GDPR 6. cikk (1) bekezd\u00e9se a) pontj\u00e1ra, valamint az Info tv. 5. \u00a7 (1) bekezd\u00e9se b) pontj\u00e1ra alapozzuk. Panaszkezel\u00e9s eset\u00e9n az \u00e9rintett hozz\u00e1j\u00e1rul\u00e1sa mellett az adatkezel\u00e9s jogalapja lehet a GDPR 6. cikk (1) bekezd\u00e9s\u00e9nek b) pontja (szerz\u0151d\u00e9s teljes\u00edt\u00e9se), valamint a GDPR 6. cikk (1) bekezd\u00e9s\u00e9nek c) pontja (jogszab\u00e1lyi el\u0151\u00edr\u00e1s teljes\u00edt\u00e9se).<\/p><p style=\"text-align: center;\">Adatkezel\u00e9s c\u00e9lja:<br \/>be\u00e9rkezett panaszok megv\u00e1laszol\u00e1sa, kezel\u00e9se, panaszkezel\u00e9s ut\u00f3k\u00f6vet\u00e9se<\/p><p style=\"text-align: center;\">Adatkezel\u00e9s jogalapja:<br \/>GDPR 6. cikk (1) bek. a); Info tv. 5. \u00a7 (1) bek. a) (\u00e9rintetti hozz\u00e1j\u00e1rul\u00e1s), GDPR 6. cikk (1) bek. b) (szerz\u0151d\u00e9s teljes\u00edt\u00e9se), GDPR 6. cikk (1) bek. c) pont (jogszab\u00e1lyi el\u0151\u00edr\u00e1s teljes\u00edt\u00e9se)<\/p><p style=\"text-align: center;\">Kezelt adatok:<br \/>n\u00e9v, lakc\u00edm, al\u00e1\u00edr\u00e1s, szerz\u0151d\u00e9sk\u00f6t\u00e9s\/\u00e1tv\u00e9tel d\u00e1tuma, v\u00e1s\u00e1rolt szolg\u00e1ltat\u00e1s megnevez\u00e9se, \u00e9rintett \u00e1ltal megadott egy\u00e9b szem\u00e9lyes adatok<\/p><p style=\"text-align: center;\">Adatkezel\u00e9s tartama:<br \/>a megv\u00e1s\u00e1rolt szolg\u00e1ltat\u00e1shoz kapcsol\u00f3d\u00f3 fogyaszt\u00f3i \u00e9s szavatoss\u00e1gi ig\u00e9nyek lej\u00e1rt\u00e1ig, valamint a jogszab\u00e1lyokban el\u0151\u00edrt hat\u00e1rid\u0151ig, megk\u00f6t\u00f6tt szerz\u0151d\u00e9s eset\u00e9n a Sz\u00e1mviteli tv. 169. \u00a7 (2) bekezd\u00e9se alapj\u00e1n 8 \u00e9vig.<\/p>\t\t\t\t\t\t\t\t<\/div>\n\t\t\t\t<div class=\"elementor-element elementor-element-27a95c9 elementor-widget elementor-widget-heading\" data-id=\"27a95c9\" data-element_type=\"widget\" data-e-type=\"widget\" data-widget_type=\"heading.default\">\n\t\t\t\t\t<p class=\"elementor-heading-title elementor-size-default\">Adatfeldolgoz\u00f3k<\/p>\t\t\t\t<\/div>\n\t\t\t\t<div class=\"elementor-element elementor-element-727556e elementor-widget elementor-widget-text-editor\" data-id=\"727556e\" data-element_type=\"widget\" data-e-type=\"widget\" data-widget_type=\"text-editor.default\">\n\t\t\t\t\t\t\t\t\t<p style=\"text-align: center;\">T\u00e1j\u00e9koztatjuk L\u00e1togat\u00f3inkat, hogy az al\u00e1bbi list\u00e1ban megjelen\u00edtett szervezetek T\u00e1rsas\u00e1gunk megb\u00edz\u00e1s\u00e1b\u00f3l v\u00e9gzik az \u00e9rintett meghat\u00e1rozott szem\u00e9lyes adatainak feldolgoz\u00e1s\u00e1t (adatfeldolgoz\u00f3k). Az adatfeldolgoz\u00e1s kiterjed az \u00e9rintett szem\u00e9lyes adatainak kezel\u00e9s\u00e9hez kapcsol\u00f3d\u00f3 egyes meghat\u00e1rozott technikai feladatok elv\u00e9gz\u00e9s\u00e9re.<\/p><p style=\"text-align: center;\">N\u00e9v: MBH Bank Nyrt. 1056 Budapest,<br \/>C\u00edm: V\u00e1ci u. 38.<br \/>Tev\u00e9kenys\u00e9g: bankk\u00e1rtya tranzakci\u00f3 (utal\u00e1s) hiteles\u00edt\u00e9se<br \/>Kezelt adatok k\u00f6re: a tranzakci\u00f3 sz\u00e1ma, azonos\u00edt\u00f3ja, ideje, \u00f6sszege<\/p><p style=\"text-align: center;\">N\u00e9v: BGP \u00dcgyv\u00e9di T\u00e1rsul\u00e1s<br \/>T\u00e1rsul\u00e1s r\u00e9sztvev\u0151i: Balsai \u00dcgyv\u00e9di Iroda, Gremsperger \u00dcgyv\u00e9di Iroda, Petr\u00e9tei \u00dcgyv\u00e9di Iroda (T\u00e1rsul\u00e1st k\u00e9pvisel\u0151 \u00fcgyv\u00e9di iroda)<br \/>T\u00e1rsul\u00e1s c\u00edme: 1137 Budapest, Budai Nagy Antal u. 3.<br \/>Tev\u00e9kenys\u00e9g: jogi k\u00e9pviselet, \u00fcgyv\u00e9di tev\u00e9kenys\u00e9g<br \/>Kezelt adatok k\u00f6re: ig\u00e9ny\u00e9rv\u00e9nyes\u00edt\u00e9s eset\u00e9n a jelen t\u00e1j\u00e9koztat\u00f3 szerinti b\u00e1rmely \u00e9s valamennyi szem\u00e9lyes adat<\/p>\t\t\t\t\t\t\t\t<\/div>\n\t\t\t\t<div class=\"elementor-element elementor-element-397b50f elementor-widget elementor-widget-heading\" data-id=\"397b50f\" data-element_type=\"widget\" data-e-type=\"widget\" data-widget_type=\"heading.default\">\n\t\t\t\t\t<p class=\"elementor-heading-title elementor-size-default\">S\u00fctik (\u201ecookie\u201d-k)<\/p>\t\t\t\t<\/div>\n\t\t\t\t<div class=\"elementor-element elementor-element-d324c4f elementor-widget elementor-widget-text-editor\" data-id=\"d324c4f\" data-element_type=\"widget\" data-e-type=\"widget\" data-widget_type=\"text-editor.default\">\n\t\t\t\t\t\t\t\t\t<p style=\"text-align: center;\">Az Adatkezel\u0151 a jobb felhaszn\u00e1l\u00f3i \u00e9lm\u00e9ny \u00e9s a testre szabott kiszolg\u00e1l\u00e1s \u00e9rdek\u00e9ben a L\u00e1togat\u00f3 (Felhaszn\u00e1l\u00f3) termin\u00e1leszk\u00f6z\u00e9n kis adatcsomagokat, \u00fagynevezett s\u00fctiket (\u201ecookie\u201d-kat) helyez el, amely lehet\u0151v\u00e9 teszi, hogy Honlapunk felismerje az \u00e9rintett \u00e1ltal haszn\u00e1lt termin\u00e1leszk\u00f6zt, amikor kapcsolat j\u00f6n l\u00e9tre az \u00e9rintett termin\u00e1leszk\u00f6ze \u00e9s a Honlapunk k\u00f6z\u00f6tt. A L\u00e1togat\u00f3 t\u00f6r\u00f6lheti a s\u00fctiket a termin\u00e1leszk\u00f6z\u00e9r\u0151l, valamint a b\u00f6ng\u00e9sz\u0151je be\u00e1ll\u00edt\u00e1saiban a s\u00fctik alkalmaz\u00e1s\u00e1t tilthatja. A s\u00fctik elutas\u00edt\u00e1sa \u00e9s\/vagy t\u00f6rl\u00e9se eset\u00e9n a Honlap haszn\u00e1lhat\u00f3s\u00e1ga korl\u00e1tozott lehet, amelyet a L\u00e1togat\u00f3 tudom\u00e1sul vesz.<\/p><p style=\"text-align: center;\">Honlapunk ideiglenes \u00e9s \u00e1lland\u00f3 s\u00fctiket is alkalmaz. Az ideiglenes s\u00fctiket az \u00e9rintett termin\u00e1leszk\u00f6z\u00e9n a Honlapunk csak egy adott munkamenet sor\u00e1n helyezi el, amely munkamenet befejez\u0151d\u00e9s\u00e9vel a s\u00fctik automatikusan t\u00f6rl\u0151dnek. A Honlapunkon alkalmazott \u00e1lland\u00f3 s\u00fctik mindaddig az \u00e9rintett termin\u00e1leszk\u00f6z\u00e9n maradnak, am\u00edg az \u00e9rintett a s\u00fctiket le nem t\u00f6rli. A Holnapunk olyan s\u00fctiket is alkalmaz, amelyek az \u00e9rintett internetez\u00e9si szok\u00e1sair\u00f3l gy\u0171jtenek adatokat. Az ilyen adatgy\u0171jt\u00e9s c\u00e9lja, hogy az \u00e9rintett r\u00e9sz\u00e9re az \u00e9rintett termin\u00e1leszk\u00f6z\u00e9n szem\u00e9lyre szabott rekl\u00e1mokat jelen\u00edthess\u00fcnk meg.<\/p>\t\t\t\t\t\t\t\t<\/div>\n\t\t\t\t<div class=\"elementor-element elementor-element-b86e7ee elementor-widget elementor-widget-heading\" data-id=\"b86e7ee\" data-element_type=\"widget\" data-e-type=\"widget\" data-widget_type=\"heading.default\">\n\t\t\t\t\t<p class=\"elementor-heading-title elementor-size-default\">T\u00e1j\u00e9koztatjuk, hogy a Honlapunkon az al\u00e1bbi s\u00fctiket alkalmazzuk:<\/p>\t\t\t\t<\/div>\n\t\t\t\t<div class=\"elementor-element elementor-element-1388cb2 elementor-widget elementor-widget-text-editor\" data-id=\"1388cb2\" data-element_type=\"widget\" data-e-type=\"widget\" data-widget_type=\"text-editor.default\">\n\t\t\t\t\t\t\t\t\t<p style=\"text-align: center;\">A s\u00fcti neve: Google Analytics<br \/>A s\u00fcti c\u00e9lja: l\u00e1togat\u00f3i analitika k\u00e9sz\u00edt\u00e9se<br \/>A s\u00fcti jellege: viselked\u00e9sfigyel\u0151<br \/>A s\u00fcti \u00e9lettartama: a Google aktu\u00e1lis adatkezel\u00e9si felt\u00e9telei alapj\u00e1n<br \/>Az adatkezel\u00e9s jogalapja: GDPR 6. cikk (1) bek. a); Info tv. 5. \u00a7 (1) bek. b) (\u00e9rintetti hozz\u00e1j\u00e1rul\u00e1s), E-kertv. 13\/A. \u00a7 (4) bekezd\u00e9se.<\/p><p style=\"text-align: center;\">A s\u00fcti neve: Munkamenet azonos\u00edt\u00f3<br \/>A s\u00fcti c\u00e9lja: a Honlap megfelel\u0151 m\u0171k\u00f6d\u00e9s\u00e9nek biztos\u00edt\u00e1sa<br \/>A s\u00fcti jellege: nem viselked\u00e9sfigyel\u0151<br \/>A s\u00fcti \u00e9lettartama: 1 \u00f3ra<br \/>Az adatkezel\u00e9s jogalapja: GDPR 6. cikk (1) bek. a); Info tv. 5. \u00a7 (1) bek. b) (\u00e9rintetti hozz\u00e1j\u00e1rul\u00e1s), E-kertv. 13\/A. \u00a7 (4) bekezd\u00e9se.<\/p><p style=\"text-align: center;\">T\u00e1j\u00e9koztatjuk L\u00e1togat\u00f3inkat, hogy az oldalunkon tal\u00e1lhat\u00f3 b\u0151v\u00edtm\u00e9nyek, linkek, bannerek \u00e9s hivatkoz\u00e1sok m\u00e1s internetes lapokra is ir\u00e1ny\u00edthatj\u00e1k L\u00e1togat\u00f3inkat. Sem Honlapunk szerkeszt\u0151s\u00e9ge, sem Honlapunk \u00fczemeltet\u0151je, sem T\u00e1rsas\u00e1gunk semmilyen felel\u0151ss\u00e9get nem v\u00e1llal m\u00e1s honlapok tartalm\u00e1\u00e9rt. Ezen honlapokat L\u00e1togat\u00f3ink (Felhaszn\u00e1l\u00f3k) csak saj\u00e1t felel\u0151ss\u00e9g\u00fckre l\u00e1togass\u00e1k vagy haszn\u00e1lj\u00e1k.<br \/>T\u00e1j\u00e9koztatjuk L\u00e1togat\u00f3inkat, hogy a s\u00fctik kezel\u00e9s\u00e9re vonatkoz\u00f3 tov\u00e1bbi szab\u00e1lyokat a Honlapon elhelyezett Cookie Szab\u00e1lyzatban tal\u00e1lj\u00e1k. [https:\/\/vertour.hu\/cookie-szabalyzat\/]<\/p>\t\t\t\t\t\t\t\t<\/div>\n\t\t\t\t<div class=\"elementor-element elementor-element-2b6da7b elementor-widget elementor-widget-heading\" data-id=\"2b6da7b\" data-element_type=\"widget\" data-e-type=\"widget\" data-widget_type=\"heading.default\">\n\t\t\t\t\t<p class=\"elementor-heading-title elementor-size-default\">\u00c9rintetti jogok<\/p>\t\t\t\t<\/div>\n\t\t\t\t<div class=\"elementor-element elementor-element-9f1a9eb elementor-widget elementor-widget-text-editor\" data-id=\"9f1a9eb\" data-element_type=\"widget\" data-e-type=\"widget\" data-widget_type=\"text-editor.default\">\n\t\t\t\t\t\t\t\t\t<p style=\"text-align: center;\">Ha \u00d6n, mint \u00e9rintett, gyakorolni k\u00edv\u00e1nja a GDPR \u00e9s az Info tv. \u00e9rtelm\u00e9ben \u00d6nt megillet\u0151 jogokat, forduljon b\u00e1rmikor adatv\u00e9delmi tisztvisel\u0151nkh\u00f6z a fenti el\u00e9rhet\u0151s\u00e9geken. L\u00e1togat\u00f3inkat az al\u00e1bbi jogok illetik meg:<\/p><p style=\"text-align: center;\">1.<br \/>Az adatfeldolgoz\u00e1sra vonatkoz\u00f3 inform\u00e1ci\u00f3khoz \u00e9s a feldolgozott adatokhoz val\u00f3 jog (hozz\u00e1f\u00e9r\u00e9si jog, GDPR 15. cikk),<\/p><p style=\"text-align: center;\">2.<br \/>Pontatlan adatok helyesb\u00edt\u00e9s\u00e9hez vagy a hi\u00e1nyos adatok kieg\u00e9sz\u00edt\u00e9s\u00e9hez val\u00f3 jog (helyesb\u00edt\u00e9shez val\u00f3 jog, GDPR 16. cikk),<\/p><p style=\"text-align: center;\">3.<br \/>A szem\u00e9lyes adatok t\u00f6rl\u00e9s\u00e9nek k\u00e9r\u00e9s\u00e9hez val\u00f3 jog, illetve \u2013 amennyiben a szem\u00e9lyes adatokat nyilv\u00e1noss\u00e1gra hozt\u00e1k \u2013 annak a joga, hogy az adatokat kezel\u0151 m\u00e1s adatkezel\u0151ket a t\u00f6rl\u00e9sre ir\u00e1nyul\u00f3 k\u00e9r\u00e9sr\u0151l t\u00e1j\u00e9koztass\u00e1k (t\u00f6rl\u00e9shez val\u00f3 jog, GDPR 17. cikk),<\/p><p style=\"text-align: center;\">4.<br \/>Az adatfeldolgoz\u00e1s korl\u00e1toz\u00e1s\u00e1nak k\u00e9r\u00e9s\u00e9hez val\u00f3 jog (az adatkezel\u00e9s korl\u00e1toz\u00e1s\u00e1hoz val\u00f3 jog, GDPR18. cikk),<\/p><p style=\"text-align: center;\">5.<br \/>Annak joga, hogy az \u00e9rintett a r\u00e1 vonatkoz\u00f3 szem\u00e9lyes adatokat tagolt, sz\u00e9les k\u00f6rben haszn\u00e1lt, g\u00e9ppel olvashat\u00f3 form\u00e1tumban megkapja, tov\u00e1bb\u00e1 hogy k\u00e9rje ezeknek az adatoknak egy m\u00e1sik adatkezel\u0151h\u00f6z t\u00f6rt\u00e9n\u0151 tov\u00e1bb\u00edt\u00e1s\u00e1t (az adathordozhat\u00f3s\u00e1ghoz val\u00f3 jog, GDPR 20. cikk),<\/p><p style=\"text-align: center;\">6.<br \/>Az adatfeldolgoz\u00e1s elleni tiltakoz\u00e1s joga az adatfeldolgoz\u00e1s le\u00e1ll\u00edt\u00e1sa \u00e9rdek\u00e9ben (tiltakoz\u00e1shoz val\u00f3 jog, GDPR 21. cikk),<\/p><p style=\"text-align: center;\">7.<br \/>Az \u00d6n \u00e1ltal adott hozz\u00e1j\u00e1rul\u00e1s tetsz\u0151leges visszavon\u00e1s\u00e1nak joga az \u00d6n hozz\u00e1j\u00e1rul\u00e1sa alapj\u00e1n folytatott adatfeldolgoz\u00e1s le\u00e1ll\u00edt\u00e1sa \u00e9rdek\u00e9ben. A hozz\u00e1j\u00e1rul\u00e1s visszavon\u00e1sa a visszavon\u00e1st megel\u0151z\u0151en folytatott adatfeldolgoz\u00e1s t\u00f6rv\u00e9nyess\u00e9g\u00e9t nem \u00e9rinti (a hozz\u00e1j\u00e1rul\u00e1s visszavon\u00e1s\u00e1nak joga, GDPR 7. cikk).<\/p><p style=\"text-align: center;\">8.<br \/>A fel\u00fcgyeleti hat\u00f3s\u00e1gn\u00e1l t\u00f6rt\u00e9n\u0151 panaszt\u00e9tel joga, amennyiben \u00d6n \u00fagy \u00edt\u00e9li meg, hogy az adatfeldolgoz\u00e1s a GDPR rendelkez\u00e9seibe \u00fctk\u00f6zik (a fel\u00fcgyeleti hat\u00f3s\u00e1gn\u00e1l t\u00f6rt\u00e9n\u0151 panaszt\u00e9telhez val\u00f3 jog, GDPR 77. cikk).<\/p><p style=\"text-align: center;\">Amennyiben panasszal k\u00edv\u00e1n \u00e9lni, \u00fagy a fel\u00fcgyeleti hat\u00f3s\u00e1ghoz az al\u00e1bbi el\u00e9rhet\u0151s\u00e9geken fordulhat:<\/p><p style=\"text-align: center;\">Nemzeti Adatv\u00e9delmi \u00e9s Inform\u00e1ci\u00f3szabads\u00e1g Hat\u00f3s\u00e1g<br \/>1055 Budapest, \u00a0Falk Miksa utca 9-11.<br \/>Levelez\u00e9si c\u00edm: 1363 Budapest, Pf.: 9. 4.<\/p><p style=\"text-align: center;\">E-mail: <a href=\"mailto:ugyfelszolgalat@naih.hu\">ugyfelszolgalat@naih.hu<\/a><\/p>\t\t\t\t\t\t\t\t<\/div>\n\t\t\t\t\t<\/div>\n\t\t\t\t<\/div>\n\t\t\t\t\t<\/div>\n\t\t\t\t<\/div>\n\t\t\t\t<\/div>\n\t\t","protected":false},"excerpt":{"rendered":"<p>Adatv\u00e9delmi t\u00e1j\u00e9koztat\u00f3 \u00dcdv\u00f6z\u00f6lj\u00fck honlapunkon! K\u00f6sz\u00f6nj\u00fck, hogy \u00e9rdekl\u0151dik a Vertour Kft. \u00e9s szolg\u00e1ltat\u00e1sai ir\u00e1nt! L\u00e1togat\u00f3ink bizalma kiemelt fontoss\u00e1g\u00fa a sz\u00e1munkra, ez\u00e9rt L\u00e1togat\u00f3ink szem\u00e9lyes adatainak v\u00e9delm\u00e9re k\u00fcl\u00f6n\u00f6s figyelmet ford\u00edtunk. Ennek megfelel\u0151en L\u00e1togat\u00f3inkat az al\u00e1bbi adatv\u00e9delmi t\u00e1j\u00e9koztat\u00f3ban inform\u00e1ljuk a honlapunk haszn\u00e1lat\u00e1val kapcsolatos adatkezel\u00e9si gyakorlatunkr\u00f3l. Az adatv\u00e9delmi t\u00e1j\u00e9koztat\u00f3 elk\u00e9sz\u00edt\u00e9sekor k\u00fcl\u00f6n\u00f6s figyelemmel voltunk az Eur\u00f3pai Parlament \u00e9s a Tan\u00e1cs (EU) [&hellip;]<\/p>\n","protected":false},"author":1,"featured_media":0,"parent":0,"menu_order":0,"comment_status":"closed","ping_status":"closed","template":"","meta":{"footnotes":""},"class_list":["post-3725","page","type-page","status-publish","hentry"],"yoast_head":"<!-- This site is optimized with the Yoast SEO plugin v27.5 - https:\/\/yoast.com\/product\/yoast-seo-wordpress\/ -->\n<title>Adatv\u00e9delmi t\u00e1j\u00e9koztat\u00f3 - Vertour Kft.<\/title>\n<meta name=\"robots\" content=\"index, follow, max-snippet:-1, max-image-preview:large, max-video-preview:-1\" \/>\n<link rel=\"canonical\" href=\"https:\/\/vertour.hu\/en\/adatvedelmi-tajekoztato\/\" \/>\n<meta property=\"og:locale\" content=\"en_US\" \/>\n<meta property=\"og:type\" content=\"article\" \/>\n<meta property=\"og:title\" content=\"Adatv\u00e9delmi t\u00e1j\u00e9koztat\u00f3 - Vertour Kft.\" \/>\n<meta property=\"og:description\" content=\"Adatv\u00e9delmi t\u00e1j\u00e9koztat\u00f3 \u00dcdv\u00f6z\u00f6lj\u00fck honlapunkon! K\u00f6sz\u00f6nj\u00fck, hogy \u00e9rdekl\u0151dik a Vertour Kft. \u00e9s szolg\u00e1ltat\u00e1sai ir\u00e1nt! L\u00e1togat\u00f3ink bizalma kiemelt fontoss\u00e1g\u00fa a sz\u00e1munkra, ez\u00e9rt L\u00e1togat\u00f3ink szem\u00e9lyes adatainak v\u00e9delm\u00e9re k\u00fcl\u00f6n\u00f6s figyelmet ford\u00edtunk. Ennek megfelel\u0151en L\u00e1togat\u00f3inkat az al\u00e1bbi adatv\u00e9delmi t\u00e1j\u00e9koztat\u00f3ban inform\u00e1ljuk a honlapunk haszn\u00e1lat\u00e1val kapcsolatos adatkezel\u00e9si gyakorlatunkr\u00f3l. Az adatv\u00e9delmi t\u00e1j\u00e9koztat\u00f3 elk\u00e9sz\u00edt\u00e9sekor k\u00fcl\u00f6n\u00f6s figyelemmel voltunk az Eur\u00f3pai Parlament \u00e9s a Tan\u00e1cs (EU) [&hellip;]\" \/>\n<meta property=\"og:url\" content=\"https:\/\/vertour.hu\/en\/adatvedelmi-tajekoztato\/\" \/>\n<meta property=\"og:site_name\" content=\"Vertour Kft.\" \/>\n<meta property=\"article:modified_time\" content=\"2025-11-13T07:23:34+00:00\" \/>\n<meta name=\"twitter:label1\" content=\"Est. reading time\" \/>\n\t<meta name=\"twitter:data1\" content=\"15 minutes\" \/>\n<script type=\"application\/ld+json\" class=\"yoast-schema-graph\">{\"@context\":\"https:\\\/\\\/schema.org\",\"@graph\":[{\"@type\":\"WebPage\",\"@id\":\"https:\\\/\\\/vertour.hu\\\/adatvedelmi-tajekoztato\\\/\",\"url\":\"https:\\\/\\\/vertour.hu\\\/adatvedelmi-tajekoztato\\\/\",\"name\":\"Adatv\u00e9delmi t\u00e1j\u00e9koztat\u00f3 - Vertour Kft.\",\"isPartOf\":{\"@id\":\"https:\\\/\\\/vertour.hu\\\/#website\"},\"datePublished\":\"2025-10-22T11:36:38+00:00\",\"dateModified\":\"2025-11-13T07:23:34+00:00\",\"breadcrumb\":{\"@id\":\"https:\\\/\\\/vertour.hu\\\/adatvedelmi-tajekoztato\\\/#breadcrumb\"},\"inLanguage\":\"en-US\",\"potentialAction\":[{\"@type\":\"ReadAction\",\"target\":[\"https:\\\/\\\/vertour.hu\\\/adatvedelmi-tajekoztato\\\/\"]}]},{\"@type\":\"BreadcrumbList\",\"@id\":\"https:\\\/\\\/vertour.hu\\\/adatvedelmi-tajekoztato\\\/#breadcrumb\",\"itemListElement\":[{\"@type\":\"ListItem\",\"position\":1,\"name\":\"Kezd\u0151lap\",\"item\":\"https:\\\/\\\/vertour.hu\\\/\"},{\"@type\":\"ListItem\",\"position\":2,\"name\":\"Adatv\u00e9delmi t\u00e1j\u00e9koztat\u00f3\"}]},{\"@type\":\"WebSite\",\"@id\":\"https:\\\/\\\/vertour.hu\\\/#website\",\"url\":\"https:\\\/\\\/vertour.hu\\\/\",\"name\":\"Vertour Kft.\",\"description\":\"Turisztikai-, Vend\u00e9gl\u00e1t\u00f3-, Kereskedelmi \u00e9s Szolg\u00e1ltat\u00f3\",\"publisher\":{\"@id\":\"https:\\\/\\\/vertour.hu\\\/#organization\"},\"potentialAction\":[{\"@type\":\"SearchAction\",\"target\":{\"@type\":\"EntryPoint\",\"urlTemplate\":\"https:\\\/\\\/vertour.hu\\\/?s={search_term_string}\"},\"query-input\":{\"@type\":\"PropertyValueSpecification\",\"valueRequired\":true,\"valueName\":\"search_term_string\"}}],\"inLanguage\":\"en-US\"},{\"@type\":\"Organization\",\"@id\":\"https:\\\/\\\/vertour.hu\\\/#organization\",\"name\":\"Vertour Kft.\",\"url\":\"https:\\\/\\\/vertour.hu\\\/\",\"logo\":{\"@type\":\"ImageObject\",\"inLanguage\":\"en-US\",\"@id\":\"https:\\\/\\\/vertour.hu\\\/#\\\/schema\\\/logo\\\/image\\\/\",\"url\":\"https:\\\/\\\/vertour.hu\\\/wp-content\\\/uploads\\\/2025\\\/11\\\/VERTOUR-LOGOraszter-szines.png\",\"contentUrl\":\"https:\\\/\\\/vertour.hu\\\/wp-content\\\/uploads\\\/2025\\\/11\\\/VERTOUR-LOGOraszter-szines.png\",\"width\":200,\"height\":188,\"caption\":\"Vertour Kft.\"},\"image\":{\"@id\":\"https:\\\/\\\/vertour.hu\\\/#\\\/schema\\\/logo\\\/image\\\/\"},\"sameAs\":[\"https:\\\/\\\/www.facebook.com\\\/vajdajanoserdeiiskola\\\/#\",\"https:\\\/\\\/www.facebook.com\\\/agostyaniarboretum\\\/#\"]}]}<\/script>\n<!-- \/ Yoast SEO plugin. -->","yoast_head_json":{"title":"Adatv\u00e9delmi t\u00e1j\u00e9koztat\u00f3 - Vertour Kft.","robots":{"index":"index","follow":"follow","max-snippet":"max-snippet:-1","max-image-preview":"max-image-preview:large","max-video-preview":"max-video-preview:-1"},"canonical":"https:\/\/vertour.hu\/en\/adatvedelmi-tajekoztato\/","og_locale":"en_US","og_type":"article","og_title":"Adatv\u00e9delmi t\u00e1j\u00e9koztat\u00f3 - Vertour Kft.","og_description":"Adatv\u00e9delmi t\u00e1j\u00e9koztat\u00f3 \u00dcdv\u00f6z\u00f6lj\u00fck honlapunkon! K\u00f6sz\u00f6nj\u00fck, hogy \u00e9rdekl\u0151dik a Vertour Kft. \u00e9s szolg\u00e1ltat\u00e1sai ir\u00e1nt! L\u00e1togat\u00f3ink bizalma kiemelt fontoss\u00e1g\u00fa a sz\u00e1munkra, ez\u00e9rt L\u00e1togat\u00f3ink szem\u00e9lyes adatainak v\u00e9delm\u00e9re k\u00fcl\u00f6n\u00f6s figyelmet ford\u00edtunk. Ennek megfelel\u0151en L\u00e1togat\u00f3inkat az al\u00e1bbi adatv\u00e9delmi t\u00e1j\u00e9koztat\u00f3ban inform\u00e1ljuk a honlapunk haszn\u00e1lat\u00e1val kapcsolatos adatkezel\u00e9si gyakorlatunkr\u00f3l. Az adatv\u00e9delmi t\u00e1j\u00e9koztat\u00f3 elk\u00e9sz\u00edt\u00e9sekor k\u00fcl\u00f6n\u00f6s figyelemmel voltunk az Eur\u00f3pai Parlament \u00e9s a Tan\u00e1cs (EU) [&hellip;]","og_url":"https:\/\/vertour.hu\/en\/adatvedelmi-tajekoztato\/","og_site_name":"Vertour Kft.","article_modified_time":"2025-11-13T07:23:34+00:00","twitter_misc":{"Est. reading time":"15 minutes"},"schema":{"@context":"https:\/\/schema.org","@graph":[{"@type":"WebPage","@id":"https:\/\/vertour.hu\/adatvedelmi-tajekoztato\/","url":"https:\/\/vertour.hu\/adatvedelmi-tajekoztato\/","name":"Adatv\u00e9delmi t\u00e1j\u00e9koztat\u00f3 - Vertour Kft.","isPartOf":{"@id":"https:\/\/vertour.hu\/#website"},"datePublished":"2025-10-22T11:36:38+00:00","dateModified":"2025-11-13T07:23:34+00:00","breadcrumb":{"@id":"https:\/\/vertour.hu\/adatvedelmi-tajekoztato\/#breadcrumb"},"inLanguage":"en-US","potentialAction":[{"@type":"ReadAction","target":["https:\/\/vertour.hu\/adatvedelmi-tajekoztato\/"]}]},{"@type":"BreadcrumbList","@id":"https:\/\/vertour.hu\/adatvedelmi-tajekoztato\/#breadcrumb","itemListElement":[{"@type":"ListItem","position":1,"name":"Kezd\u0151lap","item":"https:\/\/vertour.hu\/"},{"@type":"ListItem","position":2,"name":"Adatv\u00e9delmi t\u00e1j\u00e9koztat\u00f3"}]},{"@type":"WebSite","@id":"https:\/\/vertour.hu\/#website","url":"https:\/\/vertour.hu\/","name":"Vertour Kft.","description":"Tourism, Hospitality, Commerce and Services","publisher":{"@id":"https:\/\/vertour.hu\/#organization"},"potentialAction":[{"@type":"SearchAction","target":{"@type":"EntryPoint","urlTemplate":"https:\/\/vertour.hu\/?s={search_term_string}"},"query-input":{"@type":"PropertyValueSpecification","valueRequired":true,"valueName":"search_term_string"}}],"inLanguage":"en-US"},{"@type":"Organization","@id":"https:\/\/vertour.hu\/#organization","name":"Vertour Kft.","url":"https:\/\/vertour.hu\/","logo":{"@type":"ImageObject","inLanguage":"en-US","@id":"https:\/\/vertour.hu\/#\/schema\/logo\/image\/","url":"https:\/\/vertour.hu\/wp-content\/uploads\/2025\/11\/VERTOUR-LOGOraszter-szines.png","contentUrl":"https:\/\/vertour.hu\/wp-content\/uploads\/2025\/11\/VERTOUR-LOGOraszter-szines.png","width":200,"height":188,"caption":"Vertour Kft."},"image":{"@id":"https:\/\/vertour.hu\/#\/schema\/logo\/image\/"},"sameAs":["https:\/\/www.facebook.com\/vajdajanoserdeiiskola\/#","https:\/\/www.facebook.com\/agostyaniarboretum\/#"]}]}},"_links":{"self":[{"href":"https:\/\/vertour.hu\/en\/wp-json\/wp\/v2\/pages\/3725","targetHints":{"allow":["GET"]}}],"collection":[{"href":"https:\/\/vertour.hu\/en\/wp-json\/wp\/v2\/pages"}],"about":[{"href":"https:\/\/vertour.hu\/en\/wp-json\/wp\/v2\/types\/page"}],"author":[{"embeddable":true,"href":"https:\/\/vertour.hu\/en\/wp-json\/wp\/v2\/users\/1"}],"replies":[{"embeddable":true,"href":"https:\/\/vertour.hu\/en\/wp-json\/wp\/v2\/comments?post=3725"}],"version-history":[{"count":37,"href":"https:\/\/vertour.hu\/en\/wp-json\/wp\/v2\/pages\/3725\/revisions"}],"predecessor-version":[{"id":4146,"href":"https:\/\/vertour.hu\/en\/wp-json\/wp\/v2\/pages\/3725\/revisions\/4146"}],"wp:attachment":[{"href":"https:\/\/vertour.hu\/en\/wp-json\/wp\/v2\/media?parent=3725"}],"curies":[{"name":"wp","href":"https:\/\/api.w.org\/{rel}","templated":true}]}}