{"id":43,"date":"2025-08-07T06:13:24","date_gmt":"2025-08-07T06:13:24","guid":{"rendered":"https:\/\/localhost\/website\/?page_id=43"},"modified":"2025-11-12T15:43:49","modified_gmt":"2025-11-12T13:43:49","slug":"home","status":"publish","type":"page","link":"https:\/\/vertour.hu\/en\/","title":{"rendered":"Home"},"content":{"rendered":"\t\t<div data-elementor-type=\"wp-page\" data-elementor-id=\"43\" class=\"elementor elementor-43\" data-elementor-post-type=\"page\">\n\t\t\t\t<div class=\"elementor-element elementor-element-fe13bfb e-con-full e-flex e-con e-parent\" data-id=\"fe13bfb\" data-element_type=\"container\" data-e-type=\"container\" data-settings=\"{&quot;motion_fx_motion_fx_scrolling&quot;:&quot;yes&quot;,&quot;motion_fx_devices&quot;:[&quot;desktop&quot;,&quot;tablet&quot;,&quot;mobile&quot;]}\">\n\t\t<div class=\"elementor-element elementor-element-a414e5a e-con-full e-flex e-con e-child\" data-id=\"a414e5a\" data-element_type=\"container\" data-e-type=\"container\" data-settings=\"{&quot;background_background&quot;:&quot;slideshow&quot;,&quot;background_slideshow_gallery&quot;:[{&quot;id&quot;:3605,&quot;url&quot;:&quot;https:\\\/\\\/vertour.hu\\\/wp-content\\\/uploads\\\/2025\\\/10\\\/20150601_DR_KRAUSZ_DORA_001-scaled.webp&quot;},{&quot;id&quot;:3856,&quot;url&quot;:&quot;https:\\\/\\\/vertour.hu\\\/wp-content\\\/uploads\\\/2025\\\/11\\\/20120509_LEGI_FOTO_077-scaled.jpg&quot;},{&quot;id&quot;:3898,&quot;url&quot;:&quot;https:\\\/\\\/vertour.hu\\\/wp-content\\\/uploads\\\/2025\\\/11\\\/20151130_KOZMA_JANOS_OSZI_KIKERICS-scaled-1.webp&quot;},{&quot;id&quot;:2282,&quot;url&quot;:&quot;https:\\\/\\\/vertour.hu\\\/wp-content\\\/uploads\\\/2025\\\/08\\\/20100000_MALOMERDO_PANZIO_PUSZTAVAM__012-scaled.webp&quot;},{&quot;id&quot;:2442,&quot;url&quot;:&quot;https:\\\/\\\/vertour.hu\\\/wp-content\\\/uploads\\\/2025\\\/09\\\/20120509_LEGI_FOTO_116-scaled.webp&quot;},{&quot;id&quot;:2364,&quot;url&quot;:&quot;https:\\\/\\\/vertour.hu\\\/wp-content\\\/uploads\\\/2025\\\/09\\\/20140121_KOLDUSSZALLAS.webp&quot;}],&quot;background_slideshow_slide_duration&quot;:6000,&quot;background_slideshow_transition_duration&quot;:3000,&quot;background_slideshow_ken_burns&quot;:&quot;yes&quot;,&quot;background_slideshow_loop&quot;:&quot;yes&quot;,&quot;background_slideshow_slide_transition&quot;:&quot;fade&quot;,&quot;background_slideshow_ken_burns_zoom_direction&quot;:&quot;in&quot;,&quot;background_motion_fx_devices&quot;:[&quot;desktop&quot;,&quot;tablet&quot;,&quot;mobile&quot;]}\">\n\t\t<div class=\"elementor-element elementor-element-4f766f9 e-flex e-con-boxed e-con e-child\" data-id=\"4f766f9\" data-element_type=\"container\" data-e-type=\"container\">\n\t\t\t\t\t<div class=\"e-con-inner\">\n\t\t<div class=\"elementor-element elementor-element-31ef37b e-con-full e-grid e-con e-child\" data-id=\"31ef37b\" data-element_type=\"container\" data-e-type=\"container\">\n\t\t<div class=\"elementor-element elementor-element-4439087 e-flex e-con-boxed e-con e-child\" data-id=\"4439087\" data-element_type=\"container\" data-e-type=\"container\">\n\t\t\t\t\t<div class=\"e-con-inner\">\n\t\t\t\t<div class=\"elementor-element elementor-element-1f031da animated-slow elementor-invisible elementor-widget elementor-widget-image\" data-id=\"1f031da\" data-element_type=\"widget\" data-e-type=\"widget\" data-settings=\"{&quot;motion_fx_motion_fx_mouse&quot;:&quot;yes&quot;,&quot;_animation&quot;:&quot;fadeInUp&quot;,&quot;_animation_delay&quot;:500}\" data-widget_type=\"image.default\">\n\t\t\t\t\t\t\t\t\t\t\t\t\t\t\t\t<a href=\"\/szallashelyek\">\n\t\t\t\t\t\t\t<img fetchpriority=\"high\" decoding=\"async\" width=\"800\" height=\"764\" src=\"https:\/\/vertour.hu\/wp-content\/uploads\/2025\/09\/VERTOUR-IKONOK-szallasok-1024x978.webp\" class=\"elementor-animation-float attachment-large size-large wp-image-2300\" alt=\"\" srcset=\"https:\/\/vertour.hu\/wp-content\/uploads\/2025\/09\/VERTOUR-IKONOK-szallasok-1024x978.webp 1024w, https:\/\/vertour.hu\/wp-content\/uploads\/2025\/09\/VERTOUR-IKONOK-szallasok-300x286.webp 300w, https:\/\/vertour.hu\/wp-content\/uploads\/2025\/09\/VERTOUR-IKONOK-szallasok-768x733.webp 768w, https:\/\/vertour.hu\/wp-content\/uploads\/2025\/09\/VERTOUR-IKONOK-szallasok-1536x1467.webp 1536w, https:\/\/vertour.hu\/wp-content\/uploads\/2025\/09\/VERTOUR-IKONOK-szallasok-13x12.webp 13w, https:\/\/vertour.hu\/wp-content\/uploads\/2025\/09\/VERTOUR-IKONOK-szallasok.webp 1920w\" sizes=\"(max-width: 800px) 100vw, 800px\" \/>\t\t\t\t\t\t\t\t<\/a>\n\t\t\t\t\t\t\t\t\t\t\t\t\t\t\t<\/div>\n\t\t\t\t<div class=\"elementor-element elementor-element-f2b24c1 elementor-widget__width-initial animated-slow elementor-invisible elementor-widget elementor-widget-heading\" data-id=\"f2b24c1\" data-element_type=\"widget\" data-e-type=\"widget\" data-settings=\"{&quot;_animation&quot;:&quot;fadeIn&quot;,&quot;_animation_delay&quot;:2000}\" data-widget_type=\"heading.default\">\n\t\t\t\t\t<p class=\"elementor-heading-title elementor-size-default\"><a href=\"\/szallashelyek\">Sz\u00e1ll\u00e1sok<\/a><\/p>\t\t\t\t<\/div>\n\t\t\t\t\t<\/div>\n\t\t\t\t<\/div>\n\t\t<div class=\"elementor-element elementor-element-6e158c4 e-flex e-con-boxed e-con e-child\" data-id=\"6e158c4\" data-element_type=\"container\" data-e-type=\"container\">\n\t\t\t\t\t<div class=\"e-con-inner\">\n\t\t\t\t<div class=\"elementor-element elementor-element-a276694 animated-slow elementor-invisible elementor-widget elementor-widget-image\" data-id=\"a276694\" data-element_type=\"widget\" data-e-type=\"widget\" data-settings=\"{&quot;motion_fx_motion_fx_mouse&quot;:&quot;yes&quot;,&quot;_animation&quot;:&quot;fadeInUp&quot;,&quot;_animation_delay&quot;:1000}\" data-widget_type=\"image.default\">\n\t\t\t\t\t\t\t\t\t\t\t\t\t\t\t\t<a href=\"\/vadaszat\">\n\t\t\t\t\t\t\t<img decoding=\"async\" width=\"800\" height=\"764\" src=\"https:\/\/vertour.hu\/wp-content\/uploads\/2025\/09\/VERTOUR-IKONOK-vadaszat-1024x978.webp\" class=\"elementor-animation-float attachment-large size-large wp-image-2297\" alt=\"\" srcset=\"https:\/\/vertour.hu\/wp-content\/uploads\/2025\/09\/VERTOUR-IKONOK-vadaszat-1024x978.webp 1024w, https:\/\/vertour.hu\/wp-content\/uploads\/2025\/09\/VERTOUR-IKONOK-vadaszat-300x286.webp 300w, https:\/\/vertour.hu\/wp-content\/uploads\/2025\/09\/VERTOUR-IKONOK-vadaszat-768x733.webp 768w, https:\/\/vertour.hu\/wp-content\/uploads\/2025\/09\/VERTOUR-IKONOK-vadaszat-1536x1467.webp 1536w, https:\/\/vertour.hu\/wp-content\/uploads\/2025\/09\/VERTOUR-IKONOK-vadaszat-13x12.webp 13w, https:\/\/vertour.hu\/wp-content\/uploads\/2025\/09\/VERTOUR-IKONOK-vadaszat.webp 1920w\" sizes=\"(max-width: 800px) 100vw, 800px\" \/>\t\t\t\t\t\t\t\t<\/a>\n\t\t\t\t\t\t\t\t\t\t\t\t\t\t\t<\/div>\n\t\t\t\t<div class=\"elementor-element elementor-element-f7de4da elementor-widget__width-initial animated-slow elementor-invisible elementor-widget elementor-widget-heading\" data-id=\"f7de4da\" data-element_type=\"widget\" data-e-type=\"widget\" data-settings=\"{&quot;_animation&quot;:&quot;fadeIn&quot;,&quot;_animation_delay&quot;:2500}\" data-widget_type=\"heading.default\">\n\t\t\t\t\t<p class=\"elementor-heading-title elementor-size-default\"><a href=\"\/vadaszat\">Vad\u00e1szat<\/a><\/p>\t\t\t\t<\/div>\n\t\t\t\t\t<\/div>\n\t\t\t\t<\/div>\n\t\t<div class=\"elementor-element elementor-element-a5e73e2 e-flex e-con-boxed e-con e-child\" data-id=\"a5e73e2\" data-element_type=\"container\" data-e-type=\"container\">\n\t\t\t\t\t<div class=\"e-con-inner\">\n\t\t\t\t<div class=\"elementor-element elementor-element-d8a1724 animated-slow elementor-invisible elementor-widget elementor-widget-image\" data-id=\"d8a1724\" data-element_type=\"widget\" data-e-type=\"widget\" data-settings=\"{&quot;motion_fx_motion_fx_mouse&quot;:&quot;yes&quot;,&quot;_animation&quot;:&quot;fadeInUp&quot;,&quot;_animation_delay&quot;:1500,&quot;_animation_mobile&quot;:&quot;fadeInUp&quot;}\" data-widget_type=\"image.default\">\n\t\t\t\t\t\t\t\t\t\t\t\t\t\t\t\t<a href=\"\/agostyani-arboretum\">\n\t\t\t\t\t\t\t<img decoding=\"async\" width=\"800\" height=\"764\" src=\"https:\/\/vertour.hu\/wp-content\/uploads\/2025\/09\/VERTOUR-IKONOK-arboretum-1024x978.webp\" class=\"elementor-animation-float attachment-large size-large wp-image-2299\" alt=\"\" srcset=\"https:\/\/vertour.hu\/wp-content\/uploads\/2025\/09\/VERTOUR-IKONOK-arboretum-1024x978.webp 1024w, https:\/\/vertour.hu\/wp-content\/uploads\/2025\/09\/VERTOUR-IKONOK-arboretum-300x286.webp 300w, https:\/\/vertour.hu\/wp-content\/uploads\/2025\/09\/VERTOUR-IKONOK-arboretum-768x733.webp 768w, https:\/\/vertour.hu\/wp-content\/uploads\/2025\/09\/VERTOUR-IKONOK-arboretum-1536x1467.webp 1536w, https:\/\/vertour.hu\/wp-content\/uploads\/2025\/09\/VERTOUR-IKONOK-arboretum-13x12.webp 13w, https:\/\/vertour.hu\/wp-content\/uploads\/2025\/09\/VERTOUR-IKONOK-arboretum.webp 1920w\" sizes=\"(max-width: 800px) 100vw, 800px\" \/>\t\t\t\t\t\t\t\t<\/a>\n\t\t\t\t\t\t\t\t\t\t\t\t\t\t\t<\/div>\n\t\t\t\t<div class=\"elementor-element elementor-element-e57c378 elementor-widget__width-initial animated-slow elementor-invisible elementor-widget elementor-widget-heading\" data-id=\"e57c378\" data-element_type=\"widget\" data-e-type=\"widget\" data-settings=\"{&quot;_animation&quot;:&quot;fadeIn&quot;,&quot;_animation_delay&quot;:3000,&quot;_animation_mobile&quot;:&quot;fadeIn&quot;}\" data-widget_type=\"heading.default\">\n\t\t\t\t\t<p class=\"elementor-heading-title elementor-size-default\"><a href=\"\/agostyani-arboretum\">Arbor\u00e9tum<\/a><\/p>\t\t\t\t<\/div>\n\t\t\t\t\t<\/div>\n\t\t\t\t<\/div>\n\t\t<div class=\"elementor-element elementor-element-94b0bf3 e-flex e-con-boxed e-con e-child\" data-id=\"94b0bf3\" data-element_type=\"container\" data-e-type=\"container\">\n\t\t\t\t\t<div class=\"e-con-inner\">\n\t\t\t\t<div class=\"elementor-element elementor-element-2a30fba animated-slow elementor-invisible elementor-widget elementor-widget-image\" data-id=\"2a30fba\" data-element_type=\"widget\" data-e-type=\"widget\" data-settings=\"{&quot;motion_fx_motion_fx_mouse&quot;:&quot;yes&quot;,&quot;_animation&quot;:&quot;fadeInUp&quot;,&quot;_animation_delay&quot;:2000,&quot;_animation_mobile&quot;:&quot;fadeInUp&quot;}\" data-widget_type=\"image.default\">\n\t\t\t\t\t\t\t\t\t\t\t\t<figure class=\"wp-caption\">\n\t\t\t\t\t\t\t\t\t\t\t<a href=\"\/vajda-janos-erdeszeti-erdei-iskola\/\">\n\t\t\t\t\t\t\t<img loading=\"lazy\" decoding=\"async\" width=\"800\" height=\"764\" src=\"https:\/\/vertour.hu\/wp-content\/uploads\/2025\/09\/VERTOUR-IKONOK-erdeisuli-05-1024x978.webp\" class=\"elementor-animation-float attachment-large size-large wp-image-2611\" alt=\"\" srcset=\"https:\/\/vertour.hu\/wp-content\/uploads\/2025\/09\/VERTOUR-IKONOK-erdeisuli-05-1024x978.webp 1024w, https:\/\/vertour.hu\/wp-content\/uploads\/2025\/09\/VERTOUR-IKONOK-erdeisuli-05-300x286.webp 300w, https:\/\/vertour.hu\/wp-content\/uploads\/2025\/09\/VERTOUR-IKONOK-erdeisuli-05-768x733.webp 768w, https:\/\/vertour.hu\/wp-content\/uploads\/2025\/09\/VERTOUR-IKONOK-erdeisuli-05-1536x1467.webp 1536w, https:\/\/vertour.hu\/wp-content\/uploads\/2025\/09\/VERTOUR-IKONOK-erdeisuli-05-13x12.webp 13w, https:\/\/vertour.hu\/wp-content\/uploads\/2025\/09\/VERTOUR-IKONOK-erdeisuli-05.webp 1920w\" sizes=\"(max-width: 800px) 100vw, 800px\" \/>\t\t\t\t\t\t\t\t<\/a>\n\t\t\t\t\t\t\t\t\t\t\t<figcaption class=\"widget-image-caption wp-caption-text\"><\/figcaption>\n\t\t\t\t\t\t\t\t\t\t<\/figure>\n\t\t\t\t\t\t\t\t\t<\/div>\n\t\t\t\t<div class=\"elementor-element elementor-element-7610239 elementor-widget__width-initial animated-slow elementor-invisible elementor-widget elementor-widget-heading\" data-id=\"7610239\" data-element_type=\"widget\" data-e-type=\"widget\" data-settings=\"{&quot;_animation&quot;:&quot;fadeIn&quot;,&quot;_animation_delay&quot;:3500,&quot;_animation_mobile&quot;:&quot;fadeIn&quot;}\" data-widget_type=\"heading.default\">\n\t\t\t\t\t<p class=\"elementor-heading-title elementor-size-default\"><a href=\"\/vajda-janos-erdeszeti-erdei-iskola\/\">Erdei iskola<\/a><\/p>\t\t\t\t<\/div>\n\t\t\t\t\t<\/div>\n\t\t\t\t<\/div>\n\t\t\t\t<\/div>\n\t\t\t\t\t<\/div>\n\t\t\t\t<\/div>\n\t\t<div class=\"elementor-element elementor-element-238cebe e-flex e-con-boxed e-con e-child\" data-id=\"238cebe\" data-element_type=\"container\" data-e-type=\"container\">\n\t\t\t\t\t<div class=\"e-con-inner\">\n\t\t\t\t<div class=\"elementor-element elementor-element-04759a1 elementor-widget elementor-widget-heading\" data-id=\"04759a1\" data-element_type=\"widget\" data-e-type=\"widget\" data-widget_type=\"heading.default\">\n\t\t\t\t\t<h1 class=\"elementor-heading-title elementor-size-default\">Vertour Kft.<\/h1>\t\t\t\t<\/div>\n\t\t<div class=\"elementor-element elementor-element-81e8594 e-con-full e-flex e-con e-child\" data-id=\"81e8594\" data-element_type=\"container\" data-e-type=\"container\" data-settings=\"{&quot;background_background&quot;:&quot;classic&quot;,&quot;animation&quot;:&quot;none&quot;}\">\n\t\t\t\t<div class=\"elementor-element elementor-element-ab3ac85 elementor-widget__width-initial elementor-invisible elementor-widget elementor-widget-heading\" data-id=\"ab3ac85\" data-element_type=\"widget\" data-e-type=\"widget\" data-settings=\"{&quot;_animation&quot;:&quot;fadeIn&quot;}\" data-widget_type=\"heading.default\">\n\t\t\t\t\t<h5 class=\"elementor-heading-title elementor-size-default\">A Vertour Kft. 2024-ben alakult. F\u0151 tev\u00e9kenys\u00e9geink k\u00f6z\u00e9 tartozik a sz\u00e1ll\u00e1shely-szolg\u00e1ltat\u00e1s, vad\u00e1szatszervez\u00e9s, erdei iskolai foglalkoz\u00e1sok, arbor\u00e9tum \u00fczemeltet\u00e9s, valamint kisebb-nagyobb rendezv\u00e9nyek lebonyol\u00edt\u00e1sa. Vad\u00e1sz-, vend\u00e9g- \u00e9s kulcsosh\u00e1zaink a fest\u0151i sz\u00e9ps\u00e9g\u0171 V\u00e9rtes \u00e9s Gerecse hegys\u00e9gekben tal\u00e1lhat\u00f3k, ahol vend\u00e9geink nyugodt k\u00f6rnyezetben pihenhetnek meg. C\u00e9lunk, hogy vend\u00e9geink term\u00e9szetk\u00f6zeli \u00e9lm\u00e9nyekkel \u00e9s val\u00f3di kikapcsol\u00f3d\u00e1ssal gazdagodjanak.<\/h5>\t\t\t\t<\/div>\n\t\t\t\t<\/div>\n\t\t\t\t\t<\/div>\n\t\t\t\t<\/div>\n\t\t\t\t<\/div>\n\t\t\t\t<\/div>\n\t\t\t\t<\/div>\n\t\t","protected":false},"excerpt":{"rendered":"<p>Sz\u00e1ll\u00e1sok Vad\u00e1szat Arbor\u00e9tum Erdei iskola Vertour Kft. A Vertour Kft. 2024-ben alakult. F\u0151 tev\u00e9kenys\u00e9geink k\u00f6z\u00e9 tartozik a sz\u00e1ll\u00e1shely-szolg\u00e1ltat\u00e1s, vad\u00e1szatszervez\u00e9s, erdei iskolai foglalkoz\u00e1sok, arbor\u00e9tum \u00fczemeltet\u00e9s, valamint kisebb-nagyobb rendezv\u00e9nyek lebonyol\u00edt\u00e1sa. Vad\u00e1sz-, vend\u00e9g- \u00e9s kulcsosh\u00e1zaink a fest\u0151i sz\u00e9ps\u00e9g\u0171 V\u00e9rtes \u00e9s Gerecse hegys\u00e9gekben tal\u00e1lhat\u00f3k, ahol vend\u00e9geink nyugodt k\u00f6rnyezetben pihenhetnek meg. C\u00e9lunk, hogy vend\u00e9geink term\u00e9szetk\u00f6zeli \u00e9lm\u00e9nyekkel \u00e9s val\u00f3di kikapcsol\u00f3d\u00e1ssal gazdagodjanak.<\/p>","protected":false},"author":1,"featured_media":0,"parent":0,"menu_order":0,"comment_status":"closed","ping_status":"closed","template":"elementor_header_footer","meta":{"footnotes":""},"class_list":["post-43","page","type-page","status-publish","hentry"],"yoast_head":"<!-- This site is optimized with the Yoast SEO plugin v27.5 - https:\/\/yoast.com\/product\/yoast-seo-wordpress\/ -->\n<title>F\u0151oldal - Vertour Kft.<\/title>\n<meta name=\"robots\" content=\"index, follow, max-snippet:-1, max-image-preview:large, max-video-preview:-1\" \/>\n<link rel=\"canonical\" href=\"https:\/\/vertour.hu\/en\/\" \/>\n<meta property=\"og:locale\" content=\"en_US\" \/>\n<meta property=\"og:type\" content=\"article\" \/>\n<meta property=\"og:title\" content=\"F\u0151oldal - Vertour Kft.\" \/>\n<meta property=\"og:description\" content=\"Sz\u00e1ll\u00e1sok Vad\u00e1szat Arbor\u00e9tum Erdei iskola Vertour Kft. A Vertour Kft. 2024-ben alakult. F\u0151 tev\u00e9kenys\u00e9geink k\u00f6z\u00e9 tartozik a sz\u00e1ll\u00e1shely-szolg\u00e1ltat\u00e1s, vad\u00e1szatszervez\u00e9s, erdei iskolai foglalkoz\u00e1sok, arbor\u00e9tum \u00fczemeltet\u00e9s, valamint kisebb-nagyobb rendezv\u00e9nyek lebonyol\u00edt\u00e1sa. Vad\u00e1sz-, vend\u00e9g- \u00e9s kulcsosh\u00e1zaink a fest\u0151i sz\u00e9ps\u00e9g\u0171 V\u00e9rtes \u00e9s Gerecse hegys\u00e9gekben tal\u00e1lhat\u00f3k, ahol vend\u00e9geink nyugodt k\u00f6rnyezetben pihenhetnek meg. C\u00e9lunk, hogy vend\u00e9geink term\u00e9szetk\u00f6zeli \u00e9lm\u00e9nyekkel \u00e9s val\u00f3di kikapcsol\u00f3d\u00e1ssal gazdagodjanak.\" \/>\n<meta property=\"og:url\" content=\"https:\/\/vertour.hu\/en\/\" \/>\n<meta property=\"og:site_name\" content=\"Vertour Kft.\" \/>\n<meta property=\"article:modified_time\" content=\"2025-11-12T13:43:49+00:00\" \/>\n<meta property=\"og:image\" content=\"https:\/\/vertour.hu\/wp-content\/uploads\/2025\/09\/VERTOUR-IKONOK-szallasok-1024x978.webp\" \/>\n<script type=\"application\/ld+json\" class=\"yoast-schema-graph\">{\"@context\":\"https:\\\/\\\/schema.org\",\"@graph\":[{\"@type\":\"WebPage\",\"@id\":\"https:\\\/\\\/vertour.hu\\\/\",\"url\":\"https:\\\/\\\/vertour.hu\\\/\",\"name\":\"F\u0151oldal - Vertour Kft.\",\"isPartOf\":{\"@id\":\"https:\\\/\\\/vertour.hu\\\/#website\"},\"primaryImageOfPage\":{\"@id\":\"https:\\\/\\\/vertour.hu\\\/#primaryimage\"},\"image\":{\"@id\":\"https:\\\/\\\/vertour.hu\\\/#primaryimage\"},\"thumbnailUrl\":\"https:\\\/\\\/vertour.hu\\\/wp-content\\\/uploads\\\/2025\\\/09\\\/VERTOUR-IKONOK-szallasok-1024x978.webp\",\"datePublished\":\"2025-08-07T06:13:24+00:00\",\"dateModified\":\"2025-11-12T13:43:49+00:00\",\"breadcrumb\":{\"@id\":\"https:\\\/\\\/vertour.hu\\\/#breadcrumb\"},\"inLanguage\":\"en-US\",\"potentialAction\":[{\"@type\":\"ReadAction\",\"target\":[\"https:\\\/\\\/vertour.hu\\\/\"]}]},{\"@type\":\"ImageObject\",\"inLanguage\":\"en-US\",\"@id\":\"https:\\\/\\\/vertour.hu\\\/#primaryimage\",\"url\":\"https:\\\/\\\/vertour.hu\\\/wp-content\\\/uploads\\\/2025\\\/09\\\/VERTOUR-IKONOK-szallasok-1024x978.webp\",\"contentUrl\":\"https:\\\/\\\/vertour.hu\\\/wp-content\\\/uploads\\\/2025\\\/09\\\/VERTOUR-IKONOK-szallasok-1024x978.webp\"},{\"@type\":\"BreadcrumbList\",\"@id\":\"https:\\\/\\\/vertour.hu\\\/#breadcrumb\",\"itemListElement\":[{\"@type\":\"ListItem\",\"position\":1,\"name\":\"Kezd\u0151lap\",\"item\":\"https:\\\/\\\/vertour.hu\\\/\"},{\"@type\":\"ListItem\",\"position\":2,\"name\":\"F\u0151oldal\"}]},{\"@type\":\"WebSite\",\"@id\":\"https:\\\/\\\/vertour.hu\\\/#website\",\"url\":\"https:\\\/\\\/vertour.hu\\\/\",\"name\":\"Vertour Kft.\",\"description\":\"Turisztikai-, Vend\u00e9gl\u00e1t\u00f3-, Kereskedelmi \u00e9s Szolg\u00e1ltat\u00f3\",\"publisher\":{\"@id\":\"https:\\\/\\\/vertour.hu\\\/#organization\"},\"potentialAction\":[{\"@type\":\"SearchAction\",\"target\":{\"@type\":\"EntryPoint\",\"urlTemplate\":\"https:\\\/\\\/vertour.hu\\\/?s={search_term_string}\"},\"query-input\":{\"@type\":\"PropertyValueSpecification\",\"valueRequired\":true,\"valueName\":\"search_term_string\"}}],\"inLanguage\":\"en-US\"},{\"@type\":\"Organization\",\"@id\":\"https:\\\/\\\/vertour.hu\\\/#organization\",\"name\":\"Vertour Kft.\",\"url\":\"https:\\\/\\\/vertour.hu\\\/\",\"logo\":{\"@type\":\"ImageObject\",\"inLanguage\":\"en-US\",\"@id\":\"https:\\\/\\\/vertour.hu\\\/#\\\/schema\\\/logo\\\/image\\\/\",\"url\":\"https:\\\/\\\/vertour.hu\\\/wp-content\\\/uploads\\\/2025\\\/11\\\/VERTOUR-LOGOraszter-szines.png\",\"contentUrl\":\"https:\\\/\\\/vertour.hu\\\/wp-content\\\/uploads\\\/2025\\\/11\\\/VERTOUR-LOGOraszter-szines.png\",\"width\":200,\"height\":188,\"caption\":\"Vertour Kft.\"},\"image\":{\"@id\":\"https:\\\/\\\/vertour.hu\\\/#\\\/schema\\\/logo\\\/image\\\/\"},\"sameAs\":[\"https:\\\/\\\/www.facebook.com\\\/vajdajanoserdeiiskola\\\/#\",\"https:\\\/\\\/www.facebook.com\\\/agostyaniarboretum\\\/#\"]}]}<\/script>\n<!-- \/ Yoast SEO plugin. -->","yoast_head_json":{"title":"F\u0151oldal - Vertour Kft.","robots":{"index":"index","follow":"follow","max-snippet":"max-snippet:-1","max-image-preview":"max-image-preview:large","max-video-preview":"max-video-preview:-1"},"canonical":"https:\/\/vertour.hu\/en\/","og_locale":"en_US","og_type":"article","og_title":"F\u0151oldal - Vertour Kft.","og_description":"Sz\u00e1ll\u00e1sok Vad\u00e1szat Arbor\u00e9tum Erdei iskola Vertour Kft. A Vertour Kft. 2024-ben alakult. F\u0151 tev\u00e9kenys\u00e9geink k\u00f6z\u00e9 tartozik a sz\u00e1ll\u00e1shely-szolg\u00e1ltat\u00e1s, vad\u00e1szatszervez\u00e9s, erdei iskolai foglalkoz\u00e1sok, arbor\u00e9tum \u00fczemeltet\u00e9s, valamint kisebb-nagyobb rendezv\u00e9nyek lebonyol\u00edt\u00e1sa. Vad\u00e1sz-, vend\u00e9g- \u00e9s kulcsosh\u00e1zaink a fest\u0151i sz\u00e9ps\u00e9g\u0171 V\u00e9rtes \u00e9s Gerecse hegys\u00e9gekben tal\u00e1lhat\u00f3k, ahol vend\u00e9geink nyugodt k\u00f6rnyezetben pihenhetnek meg. C\u00e9lunk, hogy vend\u00e9geink term\u00e9szetk\u00f6zeli \u00e9lm\u00e9nyekkel \u00e9s val\u00f3di kikapcsol\u00f3d\u00e1ssal gazdagodjanak.","og_url":"https:\/\/vertour.hu\/en\/","og_site_name":"Vertour Kft.","article_modified_time":"2025-11-12T13:43:49+00:00","og_image":[{"url":"https:\/\/vertour.hu\/wp-content\/uploads\/2025\/09\/VERTOUR-IKONOK-szallasok-1024x978.webp","type":"","width":"","height":""}],"schema":{"@context":"https:\/\/schema.org","@graph":[{"@type":"WebPage","@id":"https:\/\/vertour.hu\/","url":"https:\/\/vertour.hu\/","name":"F\u0151oldal - Vertour Kft.","isPartOf":{"@id":"https:\/\/vertour.hu\/#website"},"primaryImageOfPage":{"@id":"https:\/\/vertour.hu\/#primaryimage"},"image":{"@id":"https:\/\/vertour.hu\/#primaryimage"},"thumbnailUrl":"https:\/\/vertour.hu\/wp-content\/uploads\/2025\/09\/VERTOUR-IKONOK-szallasok-1024x978.webp","datePublished":"2025-08-07T06:13:24+00:00","dateModified":"2025-11-12T13:43:49+00:00","breadcrumb":{"@id":"https:\/\/vertour.hu\/#breadcrumb"},"inLanguage":"en-US","potentialAction":[{"@type":"ReadAction","target":["https:\/\/vertour.hu\/"]}]},{"@type":"ImageObject","inLanguage":"en-US","@id":"https:\/\/vertour.hu\/#primaryimage","url":"https:\/\/vertour.hu\/wp-content\/uploads\/2025\/09\/VERTOUR-IKONOK-szallasok-1024x978.webp","contentUrl":"https:\/\/vertour.hu\/wp-content\/uploads\/2025\/09\/VERTOUR-IKONOK-szallasok-1024x978.webp"},{"@type":"BreadcrumbList","@id":"https:\/\/vertour.hu\/#breadcrumb","itemListElement":[{"@type":"ListItem","position":1,"name":"Kezd\u0151lap","item":"https:\/\/vertour.hu\/"},{"@type":"ListItem","position":2,"name":"F\u0151oldal"}]},{"@type":"WebSite","@id":"https:\/\/vertour.hu\/#website","url":"https:\/\/vertour.hu\/","name":"Vertour Kft.","description":"Tourism, Hospitality, Commerce and Services","publisher":{"@id":"https:\/\/vertour.hu\/#organization"},"potentialAction":[{"@type":"SearchAction","target":{"@type":"EntryPoint","urlTemplate":"https:\/\/vertour.hu\/?s={search_term_string}"},"query-input":{"@type":"PropertyValueSpecification","valueRequired":true,"valueName":"search_term_string"}}],"inLanguage":"en-US"},{"@type":"Organization","@id":"https:\/\/vertour.hu\/#organization","name":"Vertour Kft.","url":"https:\/\/vertour.hu\/","logo":{"@type":"ImageObject","inLanguage":"en-US","@id":"https:\/\/vertour.hu\/#\/schema\/logo\/image\/","url":"https:\/\/vertour.hu\/wp-content\/uploads\/2025\/11\/VERTOUR-LOGOraszter-szines.png","contentUrl":"https:\/\/vertour.hu\/wp-content\/uploads\/2025\/11\/VERTOUR-LOGOraszter-szines.png","width":200,"height":188,"caption":"Vertour Kft."},"image":{"@id":"https:\/\/vertour.hu\/#\/schema\/logo\/image\/"},"sameAs":["https:\/\/www.facebook.com\/vajdajanoserdeiiskola\/#","https:\/\/www.facebook.com\/agostyaniarboretum\/#"]}]}},"_links":{"self":[{"href":"https:\/\/vertour.hu\/en\/wp-json\/wp\/v2\/pages\/43","targetHints":{"allow":["GET"]}}],"collection":[{"href":"https:\/\/vertour.hu\/en\/wp-json\/wp\/v2\/pages"}],"about":[{"href":"https:\/\/vertour.hu\/en\/wp-json\/wp\/v2\/types\/page"}],"author":[{"embeddable":true,"href":"https:\/\/vertour.hu\/en\/wp-json\/wp\/v2\/users\/1"}],"replies":[{"embeddable":true,"href":"https:\/\/vertour.hu\/en\/wp-json\/wp\/v2\/comments?post=43"}],"version-history":[{"count":846,"href":"https:\/\/vertour.hu\/en\/wp-json\/wp\/v2\/pages\/43\/revisions"}],"predecessor-version":[{"id":4042,"href":"https:\/\/vertour.hu\/en\/wp-json\/wp\/v2\/pages\/43\/revisions\/4042"}],"wp:attachment":[{"href":"https:\/\/vertour.hu\/en\/wp-json\/wp\/v2\/media?parent=43"}],"curies":[{"name":"wp","href":"https:\/\/api.w.org\/{rel}","templated":true}]}}